{"id":436,"date":"2024-11-27T14:38:05","date_gmt":"2024-11-27T14:38:05","guid":{"rendered":"https:\/\/expoalma.com\/?page_id=436"},"modified":"2024-11-27T14:41:16","modified_gmt":"2024-11-27T14:41:16","slug":"politica-de-privacidad","status":"publish","type":"page","link":"https:\/\/expoalma.com\/en\/politica-de-privacidad\/","title":{"rendered":"Politica de Privacidad"},"content":{"rendered":"<p>[et_pb_section fb_built=\u00bb1&#8243; custom_padding_last_edited=\u00bbon|tablet\u00bb next_background_color=\u00bb#ffffff\u00bb _builder_version=\u00bb4.27.0&#8243; _module_preset=\u00bbdefault\u00bb use_background_color_gradient=\u00bbon\u00bb background_color_gradient_type=\u00bbcircular\u00bb background_color_gradient_stops=\u00bb#11100e 0%|#ed1825 100%\u00bb background_color_gradient_overlays_image=\u00bbon\u00bb background_image=\u00bbhttps:\/\/expoalma.com\/wp-content\/uploads\/2024\/08\/Pepinos-2.jpg\u00bb background_blend=\u00bbscreen\u00bb custom_margin=\u00bb0px||0px||false|false\u00bb custom_padding=\u00bb125px|70px|125px|70px|true|false\u00bb custom_padding_tablet=\u00bb350px|40px|120px|40px|false|false\u00bb custom_padding_phone=\u00bb80px|0px|80px|0px|true|false\u00bb top_divider_style=\u00bbramp\u00bb top_divider_color=\u00bb#C9A840&#8243; top_divider_height=\u00bb70px\u00bb top_divider_flip=\u00bbvertical\u00bb bottom_divider_style=\u00bbramp2&#8243; bottom_divider_height=\u00bb70px\u00bb bottom_divider_flip=\u00bbvertical\u00bb animation_style=\u00bbfade\u00bb animation_speed_curve=\u00bbease\u00bb global_colors_info=\u00bb{}\u00bb theme_builder_area=\u00bbpost_content\u00bb][et_pb_row use_custom_gutter=\u00bbon\u00bb make_equal=\u00bbon\u00bb _builder_version=\u00bb4.27.0&#8243; _module_preset=\u00bbdefault\u00bb custom_margin=\u00bb0px||0px||false|false\u00bb custom_padding=\u00bb0px||0px||false|false\u00bb animation_style=\u00bbslide\u00bb animation_direction=\u00bbbottom\u00bb animation_delay=\u00bb400ms\u00bb animation_intensity_slide=\u00bb9%\u00bb animation_speed_curve=\u00bbease\u00bb custom_css_main_element=\u00bbMargin:auto\u00bb global_colors_info=\u00bb{}\u00bb theme_builder_area=\u00bbpost_content\u00bb][et_pb_column type=\u00bb4_4&#8243; _builder_version=\u00bb4.27.0&#8243; _module_preset=\u00bbdefault\u00bb custom_css_main_element=\u00bbmargin:auto\u00bb global_colors_info=\u00bb{}\u00bb theme_builder_area=\u00bbpost_content\u00bb][et_pb_text _builder_version=\u00bb4.27.0&#8243; _module_preset=\u00bbdefault\u00bb header_text_align=\u00bbleft\u00bb header_text_color=\u00bb#FFFFFF\u00bb header_font_size=\u00bb60px\u00bb custom_margin=\u00bb0px||25px||false|false\u00bb custom_padding=\u00bb0px||0px||false|false\u00bb hover_enabled=\u00bb0&#8243; header_font_size_tablet=\u00bb58px\u00bb header_font_size_phone=\u00bb32px\u00bb header_font_size_last_edited=\u00bbon|phone\u00bb global_colors_info=\u00bb{}\u00bb theme_builder_area=\u00bbpost_content\u00bb header_font=\u00bb||||||||\u00bb sticky_enabled=\u00bb0&#8243;]<\/p>\n<h1>Pol\u00edtica de privacidad de datos<\/h1>\n<p>[\/et_pb_text][\/et_pb_column][\/et_pb_row][\/et_pb_section][et_pb_section fb_built=\u00bb1&#8243; custom_padding_last_edited=\u00bbon|phone\u00bb _builder_version=\u00bb4.27.0&#8243; _module_preset=\u00bbdefault\u00bb background_enable_image=\u00bboff\u00bb background_size=\u00bbinitial\u00bb background_position=\u00bbtop_left\u00bb background_vertical_offset=\u00bb55%\u00bb background_enable_mask_style=\u00bbon\u00bb background_mask_style=\u00bbarch\u00bb background_mask_color=\u00bbrgba(201,168,64,0.08)\u00bb background_mask_transform=\u00bbrotate_90_degree\u00bb custom_margin=\u00bb0px||0px||false|false\u00bb custom_padding=\u00bb80px||40px||false|false\u00bb custom_padding_tablet=\u00bb120px||120px||false|false\u00bb custom_padding_phone=\u00bb90px||90px||false|false\u00bb background_last_edited=\u00bbon|tablet\u00bb background_enable_image_tablet=\u00bboff\u00bb global_colors_info=\u00bb{}\u00bb theme_builder_area=\u00bbpost_content\u00bb][et_pb_row use_custom_gutter=\u00bbon\u00bb gutter_width=\u00bb1&#8243; _builder_version=\u00bb4.27.0&#8243; _module_preset=\u00bbdefault\u00bb width=\u00bb90%\u00bb max_width=\u00bb1290px\u00bb custom_margin=\u00bb0px|auto|1px|auto|false|false\u00bb custom_margin_tablet=\u00bb0px||110px||false|false\u00bb custom_margin_phone=\u00bb0px|auto|25px|auto|false|false\u00bb custom_margin_last_edited=\u00bbon|phone\u00bb custom_padding=\u00bb0px||0px||false|false\u00bb global_colors_info=\u00bb{}\u00bb theme_builder_area=\u00bbpost_content\u00bb][et_pb_column type=\u00bb4_4&#8243; _builder_version=\u00bb4.23.2&#8243; _module_preset=\u00bbdefault\u00bb custom_padding=\u00bb|15px|||false|false\u00bb custom_padding_tablet=\u00bb|15px|||false|false\u00bb custom_padding_phone=\u00bb|0px|||false|false\u00bb custom_padding_last_edited=\u00bbon|phone\u00bb global_colors_info=\u00bb{}\u00bb theme_builder_area=\u00bbpost_content\u00bb][et_pb_text _builder_version=\u00bb4.27.0&#8243; _module_preset=\u00bbdefault\u00bb text_font_size=\u00bb18px\u00bb text_orientation=\u00bbjustified\u00bb custom_margin=\u00bb|18px|||false|false\u00bb hover_enabled=\u00bb0&#8243; global_colors_info=\u00bb{}\u00bb theme_builder_area=\u00bbpost_content\u00bb sticky_enabled=\u00bb0&#8243;]<\/p>\n<p><b>\u00bfQui\u00e9n es el responsable del tratamiento de sus datos? Y \u00bfCon qui\u00e9n debe contactar en caso de ejercer sus derechos?<\/b><\/p>\n<p><span style=\"font-weight: 400;\">EXPO ALMA, S.L.<\/span><\/p>\n<p><span style=\"font-weight: 400;\">Camino Hoyo Cuenca, s\/n, 04740 Roquetas de Mar (Almer\u00eda)<\/span><\/p>\n<p><span style=\"font-weight: 400;\">entradas@expoalma.com<\/span><\/p>\n<p><b>\u00bfCon qu\u00e9 finalidad tratamos sus datos personales?<\/b><\/p>\n<p><span style=\"font-weight: 400;\">En EXPO ALMA, S.L. tratamos la informaci\u00f3n que nos facilitan las personas interesadas con el fin de resolver las consultas planteadas, prestar el servicio solicitado y el env\u00edo de publicidad y comunicaciones comerciales en el caso de haber dado consentimiento.<\/span><\/p>\n<p><b>\u00bfPor cu\u00e1nto tiempo conservaremos sus datos?<\/b><\/p>\n<p><span style=\"font-weight: 400;\">Los datos personales proporcionados se conservar\u00e1n mientras se mantenga la prestaci\u00f3n de servicio, la relaci\u00f3n comercial y\/o para posibles responsabilidades legales.<\/span><\/p>\n<p><span style=\"font-weight: 400;\"><\/span><\/p>\n<p><b>\u00bfCu\u00e1l es la legitimaci\u00f3n para el tratamiento de sus datos?<\/b><\/p>\n<p><span style=\"font-weight: 400;\">La base legal para el tratamiento de sus datos es la prestaci\u00f3n del servicio y\/o consentimiento del interesado.<\/span><\/p>\n<p>\u00a0<b>\u00bfA qu\u00e9 destinatarios se comunicar\u00e1n sus datos?<\/b><\/p>\n<p><span style=\"font-weight: 400;\">Los datos no se comunicar\u00e1n a terceros ajenos a la empresa. En cualquier caso, todos los responsables del tratamiento de datos est\u00e1n sometidos a las leyes de los pa\u00edses en los que desarrollan su actividad, y est\u00e1n obligados a cumplirlas. Entre estas obligaciones se incluye la entrega, en determinadas circunstancias, de datos de car\u00e1cter personal a \u00f3rganos judiciales, organismos reguladores o supervisores y cuerpos y fuerzas de seguridad del estado. Estos tratamientos de datos est\u00e1n basados en la existencia para EXPO ALMA, S.L. de una obligaci\u00f3n legal de colaboraci\u00f3n con tales organismos.<\/span><\/p>\n<p><b>\u00bfC\u00f3mo mantenemos protegidos sus datos?<\/b><\/p>\n<p><span style=\"font-weight: 400;\"><\/span><span style=\"font-weight: 400;\">Para garantizar la protecci\u00f3n y mantener la seguridad, integridad y disponibilidad de sus datos, utilizamos diversas medidas de seguridad. Aunque en las transmisiones de datos a trav\u00e9s de internet o desde una web no es posible garantizar una protecci\u00f3n absoluta contra intrusiones, dedicamos los m\u00e1ximos esfuerzos para mantener las medidas de protecci\u00f3n f\u00edsica, electr\u00f3nica y procedimental con las cuales garantizar la protecci\u00f3n de sus datos de acuerdo con las exigencias legales aplicables en esta materia. Entre las medidas que utilizamos se incluyen las siguientes: &#8211; Limitar el acceso a sus datos \u00fanicamente a aquellas personas que deban conocerlos en atenci\u00f3n a las tareas que realizan; &#8211; Como regla general transferir en formato cifrado los datos recogidos; &#8211; Almacenar los datos m\u00e1s sensibles s\u00f3lo en formato cifrado; &#8211; instalar sistemas de protecci\u00f3n perimetral de las infraestructuras inform\u00e1ticas (\u201cfirewalls\u201d) para impedir accesos no autorizados, por ejemplo \u201chackers\u201d, y &#8211; monitorizar habitualmente los accesos a los sistemas inform\u00e1ticos para detectar y detener cualquier uso indebido de los datos de car\u00e1cter personal.<\/span><\/p>\n<p><b style=\"font-size: 18px;\">\u00bfCu\u00e1les son sus derechos cuando nos facilita sus datos?<\/b><\/p>\n<p><span style=\"font-weight: 400;\">Cualquier persona tiene derecho a obtener confirmaci\u00f3n sobre si en EXPO ALMA, S.L.. estamos tratando datos personales que les conciernan, o no. Las personas interesadas tienen derecho a acceder a sus datos personales, as\u00ed como a solicitar la rectificaci\u00f3n de los datos inexactos o, en su caso, solicitar su supresi\u00f3n cuando, entre otros motivos, los datos ya no sean necesarios para los fines que fueron recogidos. En determinadas circunstancias, los interesados podr\u00e1n solicitar la limitaci\u00f3n del tratamiento de sus datos, en cuyo caso \u00fanicamente los conservaremos para el ejercicio o la defensa de reclamaciones. En determinadas circunstancias y por motivos relacionados con su situaci\u00f3n particular, los interesados podr\u00e1n oponerse al tratamiento de sus datos EXPO ALMA, S.L. dejar\u00e1 de tratar los datos, salvo por motivos leg\u00edtimos imperiosos, o el ejercicio o la defensa de posibles reclamaciones.<\/span><\/p>\n<p><span style=\"font-weight: 400;\">Para ejercer sus derechos de acceso, rectificaci\u00f3n, supresi\u00f3n y portabilidad de datos y oposici\u00f3n y limitaci\u00f3n a su tratamiento ante LAURA EL\u00cdAS MART\u00cdNEZ, dir\u00edjase a la direcci\u00f3n electr\u00f3nica laura@guiaturisticoalmeria.es, adjuntando copia de su DNI o documento equivalente.\u00a0 Asimismo, y especialmente si considera que no ha obtenido satisfacci\u00f3n plena en el ejercicio de sus derechos, podr\u00e1 presentar una reclamaci\u00f3n ante la autoridad nacional de control dirigi\u00e9ndose a estos efectos a la Agencia Espa\u00f1ola de Protecci\u00f3n de Datos, C\/ Jorge Juan, 6 \u2013 28001 Madrid.<\/span><span style=\"font-weight: 400;\"><\/span><\/p>\n<p>\u00a0<b>\u00bfC\u00f3mo hemos obtenido sus datos?<\/b><\/p>\n<p><span style=\"font-weight: 400;\">Los datos personales que tratamos en EXPO ALMA, S.L.. proceden del interesado. Las categor\u00edas de datos que se tratan son: Datos de identificaci\u00f3n, direcciones postales o electr\u00f3nicas, n\u00fameros de tel\u00e9fono. No se tratan datos especialmente protegidos.<\/span><\/p>\n<p>[\/et_pb_text][\/et_pb_column][\/et_pb_row][\/et_pb_section]<\/p>","protected":false},"excerpt":{"rendered":"<p>Pol\u00edtica de privacidad de datos\u00bfQui\u00e9n es el responsable del tratamiento de sus datos? Y \u00bfCon qui\u00e9n debe contactar en caso de ejercer sus derechos? EXPO ALMA, S.L. Camino Hoyo Cuenca, s\/n, 04740 Roquetas de Mar (Almer\u00eda) entradas@expoalma.com \u00bfCon qu\u00e9 finalidad tratamos sus datos personales? En EXPO ALMA, S.L. tratamos la informaci\u00f3n que nos facilitan las [&hellip;]<\/p>","protected":false},"author":2,"featured_media":0,"parent":0,"menu_order":0,"comment_status":"closed","ping_status":"closed","template":"","meta":{"_et_pb_use_builder":"on","_et_pb_old_content":"","_et_gb_content_width":"","footnotes":""},"class_list":["post-436","page","type-page","status-publish","hentry"],"yoast_head":"<!-- This site is optimized with the Yoast SEO plugin v24.5 - https:\/\/yoast.com\/wordpress\/plugins\/seo\/ -->\n<title>Politica de Privacidad - Expoalma SL<\/title>\n<meta name=\"robots\" content=\"index, follow, max-snippet:-1, max-image-preview:large, max-video-preview:-1\" \/>\n<link rel=\"canonical\" href=\"https:\/\/expoalma.com\/en\/politica-de-privacidad\/\" \/>\n<meta property=\"og:locale\" content=\"en_GB\" \/>\n<meta property=\"og:type\" content=\"article\" \/>\n<meta property=\"og:title\" content=\"Politica de Privacidad - Expoalma SL\" \/>\n<meta property=\"og:description\" content=\"Pol\u00edtica de privacidad de datos\u00bfQui\u00e9n es el responsable del tratamiento de sus datos? Y \u00bfCon qui\u00e9n debe contactar en caso de ejercer sus derechos? EXPO ALMA, S.L. Camino Hoyo Cuenca, s\/n, 04740 Roquetas de Mar (Almer\u00eda) entradas@expoalma.com \u00bfCon qu\u00e9 finalidad tratamos sus datos personales? En EXPO ALMA, S.L. tratamos la informaci\u00f3n que nos facilitan las [&hellip;]\" \/>\n<meta property=\"og:url\" content=\"https:\/\/expoalma.com\/en\/politica-de-privacidad\/\" \/>\n<meta property=\"og:site_name\" content=\"Expoalma SL\" \/>\n<meta property=\"article:publisher\" content=\"https:\/\/www.facebook.com\/profile.php?id=100063891732367&amp;locale=es_ES&amp;_rdr\" \/>\n<meta property=\"article:modified_time\" content=\"2024-11-27T14:41:16+00:00\" \/>\n<meta name=\"twitter:card\" content=\"summary_large_image\" \/>\n<script type=\"application\/ld+json\" class=\"yoast-schema-graph\">{\"@context\":\"https:\/\/schema.org\",\"@graph\":[{\"@type\":\"WebPage\",\"@id\":\"https:\/\/expoalma.com\/politica-de-privacidad\/\",\"url\":\"https:\/\/expoalma.com\/politica-de-privacidad\/\",\"name\":\"Politica de Privacidad - Expoalma SL\",\"isPartOf\":{\"@id\":\"https:\/\/expoalma.com\/#website\"},\"datePublished\":\"2024-11-27T14:38:05+00:00\",\"dateModified\":\"2024-11-27T14:41:16+00:00\",\"breadcrumb\":{\"@id\":\"https:\/\/expoalma.com\/politica-de-privacidad\/#breadcrumb\"},\"inLanguage\":\"en-GB\",\"potentialAction\":[{\"@type\":\"ReadAction\",\"target\":[\"https:\/\/expoalma.com\/politica-de-privacidad\/\"]}]},{\"@type\":\"BreadcrumbList\",\"@id\":\"https:\/\/expoalma.com\/politica-de-privacidad\/#breadcrumb\",\"itemListElement\":[{\"@type\":\"ListItem\",\"position\":1,\"name\":\"Portada\",\"item\":\"https:\/\/expoalma.com\/\"},{\"@type\":\"ListItem\",\"position\":2,\"name\":\"Politica de Privacidad\"}]},{\"@type\":\"WebSite\",\"@id\":\"https:\/\/expoalma.com\/#website\",\"url\":\"https:\/\/expoalma.com\/\",\"name\":\"Expoalma Import - Export\",\"description\":\"Producci\u00f3n y comercializaci\u00f3n de hortalizas\",\"publisher\":{\"@id\":\"https:\/\/expoalma.com\/#organization\"},\"potentialAction\":[{\"@type\":\"SearchAction\",\"target\":{\"@type\":\"EntryPoint\",\"urlTemplate\":\"https:\/\/expoalma.com\/?s={search_term_string}\"},\"query-input\":{\"@type\":\"PropertyValueSpecification\",\"valueRequired\":true,\"valueName\":\"search_term_string\"}}],\"inLanguage\":\"en-GB\"},{\"@type\":\"Organization\",\"@id\":\"https:\/\/expoalma.com\/#organization\",\"name\":\"Expoalma Import - Export\",\"url\":\"https:\/\/expoalma.com\/\",\"logo\":{\"@type\":\"ImageObject\",\"inLanguage\":\"en-GB\",\"@id\":\"https:\/\/expoalma.com\/#\/schema\/logo\/image\/\",\"url\":\"https:\/\/expoalma.com\/wp-content\/uploads\/2024\/09\/logo.jpg\",\"contentUrl\":\"https:\/\/expoalma.com\/wp-content\/uploads\/2024\/09\/logo.jpg\",\"width\":945,\"height\":435,\"caption\":\"Expoalma Import - Export\"},\"image\":{\"@id\":\"https:\/\/expoalma.com\/#\/schema\/logo\/image\/\"},\"sameAs\":[\"https:\/\/www.facebook.com\/profile.php?id=100063891732367&locale=es_ES&_rdr\"]}]}<\/script>\n<!-- \/ Yoast SEO plugin. -->","yoast_head_json":{"title":"Politica de Privacidad - Expoalma SL","robots":{"index":"index","follow":"follow","max-snippet":"max-snippet:-1","max-image-preview":"max-image-preview:large","max-video-preview":"max-video-preview:-1"},"canonical":"https:\/\/expoalma.com\/en\/politica-de-privacidad\/","og_locale":"en_GB","og_type":"article","og_title":"Politica de Privacidad - Expoalma SL","og_description":"Pol\u00edtica de privacidad de datos\u00bfQui\u00e9n es el responsable del tratamiento de sus datos? Y \u00bfCon qui\u00e9n debe contactar en caso de ejercer sus derechos? EXPO ALMA, S.L. Camino Hoyo Cuenca, s\/n, 04740 Roquetas de Mar (Almer\u00eda) entradas@expoalma.com \u00bfCon qu\u00e9 finalidad tratamos sus datos personales? En EXPO ALMA, S.L. tratamos la informaci\u00f3n que nos facilitan las [&hellip;]","og_url":"https:\/\/expoalma.com\/en\/politica-de-privacidad\/","og_site_name":"Expoalma SL","article_publisher":"https:\/\/www.facebook.com\/profile.php?id=100063891732367&locale=es_ES&_rdr","article_modified_time":"2024-11-27T14:41:16+00:00","twitter_card":"summary_large_image","schema":{"@context":"https:\/\/schema.org","@graph":[{"@type":"WebPage","@id":"https:\/\/expoalma.com\/politica-de-privacidad\/","url":"https:\/\/expoalma.com\/politica-de-privacidad\/","name":"Politica de Privacidad - Expoalma SL","isPartOf":{"@id":"https:\/\/expoalma.com\/#website"},"datePublished":"2024-11-27T14:38:05+00:00","dateModified":"2024-11-27T14:41:16+00:00","breadcrumb":{"@id":"https:\/\/expoalma.com\/politica-de-privacidad\/#breadcrumb"},"inLanguage":"en-GB","potentialAction":[{"@type":"ReadAction","target":["https:\/\/expoalma.com\/politica-de-privacidad\/"]}]},{"@type":"BreadcrumbList","@id":"https:\/\/expoalma.com\/politica-de-privacidad\/#breadcrumb","itemListElement":[{"@type":"ListItem","position":1,"name":"Portada","item":"https:\/\/expoalma.com\/"},{"@type":"ListItem","position":2,"name":"Politica de Privacidad"}]},{"@type":"WebSite","@id":"https:\/\/expoalma.com\/#website","url":"https:\/\/expoalma.com\/","name":"Expoalma Import - Export","description":"Producci\u00f3n y comercializaci\u00f3n de hortalizas","publisher":{"@id":"https:\/\/expoalma.com\/#organization"},"potentialAction":[{"@type":"SearchAction","target":{"@type":"EntryPoint","urlTemplate":"https:\/\/expoalma.com\/?s={search_term_string}"},"query-input":{"@type":"PropertyValueSpecification","valueRequired":true,"valueName":"search_term_string"}}],"inLanguage":"en-GB"},{"@type":"Organization","@id":"https:\/\/expoalma.com\/#organization","name":"Expoalma Import - Export","url":"https:\/\/expoalma.com\/","logo":{"@type":"ImageObject","inLanguage":"en-GB","@id":"https:\/\/expoalma.com\/#\/schema\/logo\/image\/","url":"https:\/\/expoalma.com\/wp-content\/uploads\/2024\/09\/logo.jpg","contentUrl":"https:\/\/expoalma.com\/wp-content\/uploads\/2024\/09\/logo.jpg","width":945,"height":435,"caption":"Expoalma Import - Export"},"image":{"@id":"https:\/\/expoalma.com\/#\/schema\/logo\/image\/"},"sameAs":["https:\/\/www.facebook.com\/profile.php?id=100063891732367&locale=es_ES&_rdr"]}]}},"_links":{"self":[{"href":"https:\/\/expoalma.com\/en\/wp-json\/wp\/v2\/pages\/436","targetHints":{"allow":["GET"]}}],"collection":[{"href":"https:\/\/expoalma.com\/en\/wp-json\/wp\/v2\/pages"}],"about":[{"href":"https:\/\/expoalma.com\/en\/wp-json\/wp\/v2\/types\/page"}],"author":[{"embeddable":true,"href":"https:\/\/expoalma.com\/en\/wp-json\/wp\/v2\/users\/2"}],"replies":[{"embeddable":true,"href":"https:\/\/expoalma.com\/en\/wp-json\/wp\/v2\/comments?post=436"}],"version-history":[{"count":3,"href":"https:\/\/expoalma.com\/en\/wp-json\/wp\/v2\/pages\/436\/revisions"}],"predecessor-version":[{"id":440,"href":"https:\/\/expoalma.com\/en\/wp-json\/wp\/v2\/pages\/436\/revisions\/440"}],"wp:attachment":[{"href":"https:\/\/expoalma.com\/en\/wp-json\/wp\/v2\/media?parent=436"}],"curies":[{"name":"wp","href":"https:\/\/api.w.org\/{rel}","templated":true}]}}